{"id":388,"date":"2018-08-21T07:30:56","date_gmt":"2018-08-21T07:30:56","guid":{"rendered":"http:\/\/gmk-wadowice.pl\/?page_id=388"},"modified":"2025-11-10T17:35:40","modified_gmt":"2025-11-10T17:35:40","slug":"nasze-spotkania","status":"publish","type":"page","link":"http:\/\/gmk-wadowice.pl\/?page_id=388","title":{"rendered":"Nasze spotkania"},"content":{"rendered":"\t\t<div data-elementor-type=\"wp-page\" data-elementor-id=\"388\" class=\"elementor elementor-388\">\n\t\t\t\t<div class=\"elementor-element elementor-element-7bc833e1 e-flex e-con-boxed e-con e-parent\" data-id=\"7bc833e1\" data-element_type=\"container\">\n\t\t\t\t\t<div class=\"e-con-inner\">\n\t\t\t\t<div class=\"elementor-element elementor-element-5cb3aba6 elementor-widget elementor-widget-text-editor\" data-id=\"5cb3aba6\" data-element_type=\"widget\" data-widget_type=\"text-editor.default\">\n\t\t\t\t<div class=\"elementor-widget-container\">\n\t\t\t\t\t\t\t\t\t<p><strong>Nasze spotkania w ko\u015bciele od godz. 19.00 we wtorki przebiegaj\u0105 w cyklu miesi\u0119cznym wed\u0142ug nast\u0119puj\u0105cego schematu:<\/strong><\/p>\n<ul>\n<li><strong>1.tydzie\u0144- modlitwa wewn\u0119trzna, Eucharystia i dzi\u0119kczynienie<\/strong><\/li>\n<li><strong>2.tydzie\u0144- modlitwa brewiarzowa, konferencja i modlitwa wewn\u0119trzna<\/strong><\/li>\n<li><strong>3.tydzie\u0144- adoracja Naj\u015bwi\u0119tszego Sakramentu i dzielenie<\/strong><\/li>\n<li><strong>4.tydzie\u0144- konferencja, modlitwa wewn\u0119trzna i spotkanie wsp\u00f3lnotowe<\/strong><\/li>\n<\/ul>\n<p style=\"margin-bottom: 0.0001pt; line-height: 150%; background-image: initial; background-position: initial; background-size: initial; background-repeat: initial; background-attachment: initial; background-origin: initial; background-clip: initial;\"><b><span style=\"font-size: 11.5pt; line-height: 150%; font-family: 'Segoe UI','sans-serif'; mso-fareast-font-family: 'Times New Roman'; color: #555555; mso-fareast-language: PL;\">\u00a0<\/span><\/b><\/p>\n<p style=\"margin-bottom: 0.0001pt; line-height: 150%; background-image: initial; background-position: initial; background-size: initial; background-repeat: initial; background-attachment: initial; background-origin: initial; background-clip: initial;\"><b><span style=\"font-size: 11.5pt; line-height: 150%; font-family: 'Segoe UI','sans-serif'; mso-fareast-font-family: 'Times New Roman'; color: #555555; mso-fareast-language: PL;\">Nasza formacja w roku 2024-2025 opiera si\u0119 na nauczaniu\u00a0<\/span><\/b><\/p>\n<p style=\"margin-bottom: 0.0001pt; line-height: 150%; background-image: initial; background-position: initial; background-size: initial; background-repeat: initial; background-attachment: initial; background-origin: initial; background-clip: initial;\"><b style=\"font-style: inherit; color: var( --e-global-color-text ); font-family: var( --e-global-typography-text-font-family ), Sans-serif; text-align: var(--text-align); background-color: var(--ast-global-color-5);\"><u><span style=\"font-size: 11.5pt; line-height: 150%; font-family: 'Segoe UI','sans-serif'; mso-fareast-font-family: 'Times New Roman'; color: #555555; mso-fareast-language: PL;\">\u015aw. Teresy_Benedykty_od_Krzy\u017ca<\/span><\/u><\/b><b style=\"font-style: inherit; color: var( --e-global-color-text ); font-family: var( --e-global-typography-text-font-family ), Sans-serif; text-align: var(--text-align); background-color: var(--ast-global-color-5);\"><span style=\"font-size: 11.5pt; line-height: 150%; font-family: 'Segoe UI','sans-serif'; mso-fareast-font-family: 'Times New Roman'; color: #555555; mso-fareast-language: PL;\"> (\u015aw. Edyty Stein).<\/span><\/b><\/p>\n<p style=\"margin-bottom: 0.0001pt; line-height: 150%; background-image: initial; background-position: initial; background-size: initial; background-repeat: initial; background-attachment: initial; background-origin: initial; background-clip: initial;\"><b style=\"font-style: inherit; color: var( --e-global-color-text ); font-family: var( --e-global-typography-text-font-family ), Sans-serif; text-align: var(--text-align); background-color: var(--ast-global-color-5);\"><span style=\"font-size: 11.5pt; line-height: 150%; font-family: 'Segoe UI','sans-serif'; mso-fareast-font-family: 'Times New Roman'; color: #555555; mso-fareast-language: PL;\">\u00a0<\/span><\/b><\/p>\n<p><strong>Bie\u017cacy plan i terminy spotka\u0144 s\u0105 w zak\u0142adce: Aktualno\u015bci<\/strong><\/p>\n<p style=\"text-align: right;\">\u00a0<\/p>\n<p><\/p>\n<p><\/p>\t\t\t\t\t\t\t\t<\/div>\n\t\t\t\t<\/div>\n\t\t\t\t\t<\/div>\n\t\t\t\t<\/div>\n\t\t<div class=\"elementor-element elementor-element-106a0a8 e-flex e-con-boxed e-con e-parent\" data-id=\"106a0a8\" data-element_type=\"container\">\n\t\t\t\t\t<div class=\"e-con-inner\">\n\t\t\t\t<div class=\"elementor-element elementor-element-bcbe82c elementor-widget elementor-widget-wp-widget-media_audio\" data-id=\"bcbe82c\" data-element_type=\"widget\" data-widget_type=\"wp-widget-media_audio.default\">\n\t\t\t\t<div class=\"elementor-widget-container\">\n\t\t\t\t\t<h5>\u015aw._Teresa_Benedykta_od_Krzy\u017ca_1-\u017byciorys<\/h5><!--[if lt IE 9]><script>document.createElement('audio');<\/script><![endif]-->\n<audio class=\"wp-audio-shortcode\" id=\"audio-388-1\" preload=\"none\" style=\"width: 100%;\" controls=\"controls\"><source type=\"audio\/mpeg\" src=\"http:\/\/gmk-wadowice.pl\/wp-content\/uploads\/2025\/01\/1.SteinZyciorys.mp3?_=1\" \/><source type=\"audio\/mpeg\" src=\"http:\/\/gmk-wadowice.pl\/wp-content\/uploads\/2025\/01\/1.SteinZyciorys.mp3?_=1\" \/><a href=\"http:\/\/gmk-wadowice.pl\/wp-content\/uploads\/2025\/01\/1.SteinZyciorys.mp3\">http:\/\/gmk-wadowice.pl\/wp-content\/uploads\/2025\/01\/1.SteinZyciorys.mp3<\/a><\/audio>\t\t\t\t<\/div>\n\t\t\t\t<\/div>\n\t\t\t\t\t<\/div>\n\t\t\t\t<\/div>\n\t\t<div class=\"elementor-element elementor-element-c93dc5b e-flex e-con-boxed e-con e-parent\" data-id=\"c93dc5b\" data-element_type=\"container\">\n\t\t\t\t\t<div class=\"e-con-inner\">\n\t\t\t\t<div class=\"elementor-element elementor-element-486cc93 elementor-widget__width-initial elementor-widget elementor-widget-html\" data-id=\"486cc93\" data-element_type=\"widget\" data-widget_type=\"html.default\">\n\t\t\t\t<div class=\"elementor-widget-container\">\n\t\t\t\t\tLektura\n<br>\n<a href=\"http:\/\/communiocrucis.pl\/2010\/11\/01\/biografia\/\">Biografia<\/a>\n\t\t\t\t<\/div>\n\t\t\t\t<\/div>\n\t\t\t\t\t<\/div>\n\t\t\t\t<\/div>\n\t\t<div class=\"elementor-element elementor-element-efa94aa e-con-full e-flex e-con e-parent\" data-id=\"efa94aa\" data-element_type=\"container\">\n\t\t\t\t<div class=\"elementor-element elementor-element-50bb724 elementor-widget elementor-widget-wp-widget-media_audio\" data-id=\"50bb724\" data-element_type=\"widget\" data-widget_type=\"wp-widget-media_audio.default\">\n\t\t\t\t<div class=\"elementor-widget-container\">\n\t\t\t\t\t<h5>2025_01_28_O.Marian_\u015aw._Teresa_Benedykta_od_Krzy\u017ca_02-Tajemnica cz\u0142owieka<\/h5><audio class=\"wp-audio-shortcode\" id=\"audio-388-2\" preload=\"none\" style=\"width: 100%;\" controls=\"controls\"><source type=\"audio\/mpeg\" src=\"http:\/\/gmk-wadowice.pl\/wp-content\/uploads\/2025\/01\/2025_01_28_Edyta_Stein_Konferecja_02.mp3?_=2\" \/><source type=\"audio\/mpeg\" src=\"http:\/\/gmk-wadowice.pl\/wp-content\/uploads\/2025\/01\/2025_01_28_Edyta_Stein_Konferecja_02.mp3?_=2\" \/><a href=\"http:\/\/gmk-wadowice.pl\/wp-content\/uploads\/2025\/01\/2025_01_28_Edyta_Stein_Konferecja_02.mp3\">http:\/\/gmk-wadowice.pl\/wp-content\/uploads\/2025\/01\/2025_01_28_Edyta_Stein_Konferecja_02.mp3<\/a><\/audio>\t\t\t\t<\/div>\n\t\t\t\t<\/div>\n\t\t\t\t<div class=\"elementor-element elementor-element-151b084 elementor-widget__width-initial elementor-widget elementor-widget-html\" data-id=\"151b084\" data-element_type=\"widget\" data-widget_type=\"html.default\">\n\t\t\t\t<div class=\"elementor-widget-container\">\n\t\t\t\t\tLektura\n<br>\n<a href=\"http:\/\/communiocrucis.pl\/2010\/11\/01\/antropologia\/\">Antropologia<\/a>\n<br>\n<a href=http:\/\/communiocrucis.pl\/2019\/03\/15\/teologiczna-wizja-kobiecosci\/>Teologiczna wizja kobiecosci<\/a>\n<br>\n<a href=http:\/\/communiocrucis.pl\/2012\/05\/27\/peniej\/>By\u0107 pe\u0142niej\n<\/a>\n<br>\n<a href=http:\/\/communiocrucis.pl\/2019\/03\/07\/rozwoj-czlowieka\/>Rozw\u00f3j cz\u0142owieka\n<\/a>\n\n\t\t\t\t<\/div>\n\t\t\t\t<\/div>\n\t\t\t\t<\/div>\n\t\t<div class=\"elementor-element elementor-element-8f749b2 e-con-full e-flex e-con e-parent\" data-id=\"8f749b2\" data-element_type=\"container\">\n\t\t\t\t<div class=\"elementor-element elementor-element-44763f4 elementor-widget elementor-widget-wp-widget-media_audio\" data-id=\"44763f4\" data-element_type=\"widget\" data-widget_type=\"wp-widget-media_audio.default\">\n\t\t\t\t<div class=\"elementor-widget-container\">\n\t\t\t\t\t<h5>2025_02_18_O.Marian_\u015aw._Teresa_Benedykta_od_Krzy\u017ca_03-Wiara<\/h5><audio class=\"wp-audio-shortcode\" id=\"audio-388-3\" preload=\"none\" style=\"width: 100%;\" controls=\"controls\"><source type=\"audio\/mpeg\" src=\"http:\/\/gmk-wadowice.pl\/wp-content\/uploads\/2025\/03\/2025_02_18_O.Marian__Edyta_Stein_Konferencja_03.mp3?_=3\" \/><source type=\"audio\/mpeg\" src=\"http:\/\/gmk-wadowice.pl\/wp-content\/uploads\/2025\/03\/2025_02_18_O.Marian__Edyta_Stein_Konferencja_03.mp3?_=3\" \/><a href=\"http:\/\/gmk-wadowice.pl\/wp-content\/uploads\/2025\/03\/2025_02_18_O.Marian__Edyta_Stein_Konferencja_03.mp3\">http:\/\/gmk-wadowice.pl\/wp-content\/uploads\/2025\/03\/2025_02_18_O.Marian__Edyta_Stein_Konferencja_03.mp3<\/a><\/audio>\t\t\t\t<\/div>\n\t\t\t\t<\/div>\n\t\t\t\t<div class=\"elementor-element elementor-element-1db177a elementor-widget__width-initial elementor-widget elementor-widget-html\" data-id=\"1db177a\" data-element_type=\"widget\" data-widget_type=\"html.default\">\n\t\t\t\t<div class=\"elementor-widget-container\">\n\t\t\t\t\tLektura\n<br>\n<a href=http:\/\/communiocrucis.pl\/2012\/05\/08\/wiara\/>Wiara<\/a>\n<br>\n<a href=http:\/\/communiocrucis.pl\/2011\/05\/11\/wiara-i-rozum\/>Wiara i rozum<\/a>\n<br>\n\n\n\t\t\t\t<\/div>\n\t\t\t\t<\/div>\n\t\t\t\t<\/div>\n\t\t<div class=\"elementor-element elementor-element-a06e7c5 e-con-full e-flex e-con e-parent\" data-id=\"a06e7c5\" data-element_type=\"container\">\n\t\t\t\t<div class=\"elementor-element elementor-element-7a324fa elementor-widget elementor-widget-wp-widget-media_audio\" data-id=\"7a324fa\" data-element_type=\"widget\" data-widget_type=\"wp-widget-media_audio.default\">\n\t\t\t\t<div class=\"elementor-widget-container\">\n\t\t\t\t\t<h5>2025_02_25_O.Marian_\u015aw._Teresa_Benedykta_od_Krzy\u017ca_04-Obraz Boga<\/h5><audio class=\"wp-audio-shortcode\" id=\"audio-388-4\" preload=\"none\" style=\"width: 100%;\" controls=\"controls\"><source type=\"audio\/mpeg\" src=\"http:\/\/gmk-wadowice.pl\/wp-content\/uploads\/2025\/03\/2025_02_25_O.Marian__Edyta_Stein_Konferencja_04.mp3?_=4\" \/><source type=\"audio\/mpeg\" src=\"http:\/\/gmk-wadowice.pl\/wp-content\/uploads\/2025\/03\/2025_02_25_O.Marian__Edyta_Stein_Konferencja_04.mp3?_=4\" \/><a href=\"http:\/\/gmk-wadowice.pl\/wp-content\/uploads\/2025\/03\/2025_02_25_O.Marian__Edyta_Stein_Konferencja_04.mp3\">http:\/\/gmk-wadowice.pl\/wp-content\/uploads\/2025\/03\/2025_02_25_O.Marian__Edyta_Stein_Konferencja_04.mp3<\/a><\/audio>\t\t\t\t<\/div>\n\t\t\t\t<\/div>\n\t\t\t\t<div class=\"elementor-element elementor-element-a01828f elementor-widget__width-initial elementor-widget elementor-widget-html\" data-id=\"a01828f\" data-element_type=\"widget\" data-widget_type=\"html.default\">\n\t\t\t\t<div class=\"elementor-widget-container\">\n\t\t\t\t\tLektura\n<br>\n<a href=http:\/\/communiocrucis.pl\/2011\/05\/11\/bog\/>B\u00f3g<\/a>\n<br>\n<a href=http:\/\/communiocrucis.pl\/2010\/11\/03\/wizja-boga-trojcy\/>Wizja Boga Tr\u00f3jcy<\/a>\n<br>\n<a href=http:\/\/communiocrucis.pl\/2020\/05\/09\/chrystus\/>Chrystus<\/a>\n<br>\t\t\t\t<\/div>\n\t\t\t\t<\/div>\n\t\t\t\t<\/div>\n\t\t<div class=\"elementor-element elementor-element-970d385 e-con-full e-flex e-con e-parent\" data-id=\"970d385\" data-element_type=\"container\">\n\t\t\t\t<div class=\"elementor-element elementor-element-200ee6e elementor-widget elementor-widget-wp-widget-media_audio\" data-id=\"200ee6e\" data-element_type=\"widget\" data-widget_type=\"wp-widget-media_audio.default\">\n\t\t\t\t<div class=\"elementor-widget-container\">\n\t\t\t\t\t<h5>2025_03_11_O.Marian_\u015aw._Teresa_Benedykta_od_Krzy\u017ca_05-Nadzieja<\/h5><audio class=\"wp-audio-shortcode\" id=\"audio-388-5\" preload=\"none\" style=\"width: 100%;\" controls=\"controls\"><source type=\"audio\/mpeg\" src=\"http:\/\/gmk-wadowice.pl\/wp-content\/uploads\/2025\/03\/2025_03_11_O.Marian__Edyta_Stein_Konferencja_5.mp3?_=5\" \/><source type=\"audio\/mpeg\" src=\"http:\/\/gmk-wadowice.pl\/wp-content\/uploads\/2025\/03\/2025_03_11_O.Marian__Edyta_Stein_Konferencja_5.mp3?_=5\" \/><a href=\"http:\/\/gmk-wadowice.pl\/wp-content\/uploads\/2025\/03\/2025_03_11_O.Marian__Edyta_Stein_Konferencja_5.mp3\">http:\/\/gmk-wadowice.pl\/wp-content\/uploads\/2025\/03\/2025_03_11_O.Marian__Edyta_Stein_Konferencja_5.mp3<\/a><\/audio>\t\t\t\t<\/div>\n\t\t\t\t<\/div>\n\t\t\t\t<div class=\"elementor-element elementor-element-bcac501 elementor-widget__width-initial elementor-widget elementor-widget-html\" data-id=\"bcac501\" data-element_type=\"widget\" data-widget_type=\"html.default\">\n\t\t\t\t<div class=\"elementor-widget-container\">\n\t\t\t\t\tLektura\n<br>\n<a href=http:\/\/communiocrucis.pl\/2011\/02\/22\/ciemno\/>Odkrywanie Boga w ciemno\u015bci<\/a>\n<br>\n<a href=http:\/\/communiocrucis.pl\/2011\/05\/18\/tsknota\/>T\u0119sknota E. Stein <\/a>\n\t\t\t\t<\/div>\n\t\t\t\t<\/div>\n\t\t\t\t<\/div>\n\t\t<div class=\"elementor-element elementor-element-70e09ed e-con-full e-flex e-con e-parent\" data-id=\"70e09ed\" data-element_type=\"container\">\n\t\t\t\t<div class=\"elementor-element elementor-element-a082928 elementor-widget elementor-widget-wp-widget-media_audio\" data-id=\"a082928\" data-element_type=\"widget\" data-widget_type=\"wp-widget-media_audio.default\">\n\t\t\t\t<div class=\"elementor-widget-container\">\n\t\t\t\t\t<h5>2025_03_25_O.Marian_\u015aw._Teresa_Benedykta_od_Krzy\u017ca_06-Mi\u0142o\u015b\u0107<\/h5><audio class=\"wp-audio-shortcode\" id=\"audio-388-6\" preload=\"none\" style=\"width: 100%;\" controls=\"controls\"><source type=\"audio\/mpeg\" src=\"http:\/\/gmk-wadowice.pl\/wp-content\/uploads\/2025\/04\/2025_03_25_O.Marian__Edyta_Stein_Konferencja_06.mp3?_=6\" \/><source type=\"audio\/mpeg\" src=\"http:\/\/gmk-wadowice.pl\/wp-content\/uploads\/2025\/04\/2025_03_25_O.Marian__Edyta_Stein_Konferencja_06.mp3?_=6\" \/><a href=\"http:\/\/gmk-wadowice.pl\/wp-content\/uploads\/2025\/04\/2025_03_25_O.Marian__Edyta_Stein_Konferencja_06.mp3\">http:\/\/gmk-wadowice.pl\/wp-content\/uploads\/2025\/04\/2025_03_25_O.Marian__Edyta_Stein_Konferencja_06.mp3<\/a><\/audio>\t\t\t\t<\/div>\n\t\t\t\t<\/div>\n\t\t\t\t<div class=\"elementor-element elementor-element-4a48833 elementor-widget__width-initial elementor-widget elementor-widget-html\" data-id=\"4a48833\" data-element_type=\"widget\" data-widget_type=\"html.default\">\n\t\t\t\t<div class=\"elementor-widget-container\">\n\t\t\t\t\tLektura\n<br>\n<a href=http:\/\/communiocrucis.pl\/2020\/05\/09\/wczucie-i-milosc\/>Wczucie i mi\u0142o\u015b\u0107<\/a>\n<br>\n<a href=http:\/\/communiocrucis.pl\/2011\/05\/18\/przekrelenie-siebie\/>Przekre\u015blenie siebie <\/a>\n<br>\n<a href=http:\/\/communiocrucis.pl\/2011\/03\/04\/cierpienie\/>Cierpienie<\/a>\n<br>\n<a href=http:\/\/communiocrucis.pl\/2012\/05\/26\/oblub\/>Oblubie\u0144czo-kontemplacyjny wymiar bytu ludzkiego<\/a>\t\t\t\t<\/div>\n\t\t\t\t<\/div>\n\t\t\t\t<\/div>\n\t\t<div class=\"elementor-element elementor-element-3c6cb33 e-con-full e-flex e-con e-parent\" data-id=\"3c6cb33\" data-element_type=\"container\">\n\t\t\t\t<div class=\"elementor-element elementor-element-0783566 elementor-widget elementor-widget-wp-widget-media_audio\" data-id=\"0783566\" data-element_type=\"widget\" data-widget_type=\"wp-widget-media_audio.default\">\n\t\t\t\t<div class=\"elementor-widget-container\">\n\t\t\t\t\t<h5>2025_04_08_O.Marian_\u015aw._Teresa_Benedykta_od_Krzy\u017ca_07-Modlitwa<\/h5><audio class=\"wp-audio-shortcode\" id=\"audio-388-7\" preload=\"none\" style=\"width: 100%;\" controls=\"controls\"><source type=\"audio\/mpeg\" src=\"http:\/\/gmk-wadowice.pl\/wp-content\/uploads\/2025\/04\/2025_04_08_O.Marian__Edyta_Stein_Konferencja_07.mp3?_=7\" \/><source type=\"audio\/mpeg\" src=\"http:\/\/gmk-wadowice.pl\/wp-content\/uploads\/2025\/04\/2025_04_08_O.Marian__Edyta_Stein_Konferencja_07.mp3?_=7\" \/><a href=\"http:\/\/gmk-wadowice.pl\/wp-content\/uploads\/2025\/04\/2025_04_08_O.Marian__Edyta_Stein_Konferencja_07.mp3\">http:\/\/gmk-wadowice.pl\/wp-content\/uploads\/2025\/04\/2025_04_08_O.Marian__Edyta_Stein_Konferencja_07.mp3<\/a><\/audio>\t\t\t\t<\/div>\n\t\t\t\t<\/div>\n\t\t\t\t<div class=\"elementor-element elementor-element-80871f7 elementor-widget__width-initial elementor-widget elementor-widget-html\" data-id=\"80871f7\" data-element_type=\"widget\" data-widget_type=\"html.default\">\n\t\t\t\t<div class=\"elementor-widget-container\">\n\t\t\t\t\tLektura\n<br>\n<a href=http:\/\/communiocrucis.pl\/2025\/01\/21\/modlitwa-jej-natura-u-sw-edyty-stein\/>Modlitwa - jej natura u \u015aw. Edyty Stein<\/a>\n<br>\n<a href=http:\/\/communiocrucis.pl\/2025\/01\/21\/medytacja-u-sw-benedykty-od-krzyza\/>Medytacja u \u015aw. Benedykty od Krzy\u017ca<\/a>\n<br>\n<a href=http:\/\/communiocrucis.pl\/2010\/12\/02\/kontemplacja-objawieniem-si-boga-w-milczeniu-w-ujciu-b-teresy-benedykty\/>Kontemplacja objawieniem si\u0119 Boga w milczeniu w uj\u0119ciu Teres Benedykty<\/a>\n<br>\n\t\t\t\t<\/div>\n\t\t\t\t<\/div>\n\t\t\t\t<\/div>\n\t\t<div class=\"elementor-element elementor-element-d821dd6 e-con-full e-flex e-con e-parent\" data-id=\"d821dd6\" data-element_type=\"container\">\n\t\t\t\t<div class=\"elementor-element elementor-element-21c028f elementor-widget elementor-widget-wp-widget-media_audio\" data-id=\"21c028f\" data-element_type=\"widget\" data-widget_type=\"wp-widget-media_audio.default\">\n\t\t\t\t<div class=\"elementor-widget-container\">\n\t\t\t\t\t<h5>2025_04_22_O.Marian_\u015aw._Teresa_Benedykta_od_Krzy\u017ca_08-Oblicza Maryi<\/h5><audio class=\"wp-audio-shortcode\" id=\"audio-388-8\" preload=\"none\" style=\"width: 100%;\" controls=\"controls\"><source type=\"audio\/mpeg\" src=\"http:\/\/gmk-wadowice.pl\/wp-content\/uploads\/2025\/04\/2025_04_22_O.Marian__Edyta_Stein_Konferencja_8.mp3?_=8\" \/><source type=\"audio\/mpeg\" src=\"http:\/\/gmk-wadowice.pl\/wp-content\/uploads\/2025\/04\/2025_04_22_O.Marian__Edyta_Stein_Konferencja_8.mp3?_=8\" \/><a href=\"http:\/\/gmk-wadowice.pl\/wp-content\/uploads\/2025\/04\/2025_04_22_O.Marian__Edyta_Stein_Konferencja_8.mp3\">http:\/\/gmk-wadowice.pl\/wp-content\/uploads\/2025\/04\/2025_04_22_O.Marian__Edyta_Stein_Konferencja_8.mp3<\/a><\/audio>\t\t\t\t<\/div>\n\t\t\t\t<\/div>\n\t\t\t\t<div class=\"elementor-element elementor-element-d91ca44 elementor-widget__width-initial elementor-widget elementor-widget-html\" data-id=\"d91ca44\" data-element_type=\"widget\" data-widget_type=\"html.default\">\n\t\t\t\t<div class=\"elementor-widget-container\">\n\t\t\t\t\tLektura\n<br>\n<a href=http:\/\/communiocrucis.pl\/2025\/01\/21\/maryja-u-sw-edyty-stein\/>Maryja u \u015aw. Edyty Stein<\/a>\n<br>\n<a href=http:\/\/communiocrucis.pl\/2010\/11\/01\/maryjny-i-eklezjalny-wymiar-powoania-kobiety-wedug-stein\/>Maryjny i eklezjalny wymiar powo\u0142ania kobiety wed\u0142ug \u015bw. Edyty Stein<\/a>\n<br>\n\t\t\t\t<\/div>\n\t\t\t\t<\/div>\n\t\t\t\t<\/div>\n\t\t<div class=\"elementor-element elementor-element-681a092 e-con-full e-flex e-con e-parent\" data-id=\"681a092\" data-element_type=\"container\">\n\t\t\t\t<div class=\"elementor-element elementor-element-0cf1fa7 elementor-widget elementor-widget-wp-widget-media_audio\" data-id=\"0cf1fa7\" data-element_type=\"widget\" data-widget_type=\"wp-widget-media_audio.default\">\n\t\t\t\t<div class=\"elementor-widget-container\">\n\t\t\t\t\t<h5>2025_05_13_O.Marian__\u015aw._Teresa_Benedykta_od_Krzy\u017ca_09-Tajemnica Eucharystii.mp3<\/h5><audio class=\"wp-audio-shortcode\" id=\"audio-388-9\" preload=\"none\" style=\"width: 100%;\" controls=\"controls\"><source type=\"audio\/mpeg\" src=\"http:\/\/gmk-wadowice.pl\/wp-content\/uploads\/2025\/07\/2025_05_13_O.Marian__Edyta_Stein_Konferencja_09.mp3?_=9\" \/><source type=\"audio\/mpeg\" src=\"http:\/\/gmk-wadowice.pl\/wp-content\/uploads\/2025\/07\/2025_05_13_O.Marian__Edyta_Stein_Konferencja_09.mp3?_=9\" \/><a href=\"http:\/\/gmk-wadowice.pl\/wp-content\/uploads\/2025\/07\/2025_05_13_O.Marian__Edyta_Stein_Konferencja_09.mp3\">http:\/\/gmk-wadowice.pl\/wp-content\/uploads\/2025\/07\/2025_05_13_O.Marian__Edyta_Stein_Konferencja_09.mp3<\/a><\/audio>\t\t\t\t<\/div>\n\t\t\t\t<\/div>\n\t\t\t\t<div class=\"elementor-element elementor-element-8bdb41d elementor-widget__width-initial elementor-widget elementor-widget-html\" data-id=\"8bdb41d\" data-element_type=\"widget\" data-widget_type=\"html.default\">\n\t\t\t\t<div class=\"elementor-widget-container\">\n\t\t\t\t\tLektura\n<br>\n<a href=http:\/\/communiocrucis.pl\/2025\/01\/21\/eucharystia-sw-benedykta-od-krzyza\/>Eucharystia<\/a>\n<br>\n<a href=http:\/\/communiocrucis.pl\/2019\/03\/15\/tajemnica-eucharystii-2\/>Tajemnica Eucharystii<\/a>\n<br>\n<a href=http:\/\/communiocrucis.pl\/2011\/04\/05\/kaplastwo\/>Kap\u0142a\u0144stwo<\/a>\n<br>\n\n<br>\t\t\t\t<\/div>\n\t\t\t\t<\/div>\n\t\t\t\t<\/div>\n\t\t<div class=\"elementor-element elementor-element-418d506 e-con-full e-flex e-con e-parent\" data-id=\"418d506\" data-element_type=\"container\">\n\t\t\t\t<div class=\"elementor-element elementor-element-42b65df elementor-widget elementor-widget-wp-widget-media_audio\" data-id=\"42b65df\" data-element_type=\"widget\" data-widget_type=\"wp-widget-media_audio.default\">\n\t\t\t\t<div class=\"elementor-widget-container\">\n\t\t\t\t\t<h5>2025_05_27_O.Marian_\u015aw._Teresa_Benedykta_od_Krzy\u017ca_10-Pi\u0119kno<\/h5><audio class=\"wp-audio-shortcode\" id=\"audio-388-10\" preload=\"none\" style=\"width: 100%;\" controls=\"controls\"><source type=\"audio\/mpeg\" src=\"http:\/\/gmk-wadowice.pl\/wp-content\/uploads\/2025\/07\/2025_05_27_O.Marian__Edyta_Stein_Konferencja_10.mp3?_=10\" \/><source type=\"audio\/mpeg\" src=\"http:\/\/gmk-wadowice.pl\/wp-content\/uploads\/2025\/07\/2025_05_27_O.Marian__Edyta_Stein_Konferencja_10.mp3?_=10\" \/><a href=\"http:\/\/gmk-wadowice.pl\/wp-content\/uploads\/2025\/07\/2025_05_27_O.Marian__Edyta_Stein_Konferencja_10.mp3\">http:\/\/gmk-wadowice.pl\/wp-content\/uploads\/2025\/07\/2025_05_27_O.Marian__Edyta_Stein_Konferencja_10.mp3<\/a><\/audio>\t\t\t\t<\/div>\n\t\t\t\t<\/div>\n\t\t\t\t<div class=\"elementor-element elementor-element-bc58f97 elementor-widget__width-initial elementor-widget elementor-widget-html\" data-id=\"bc58f97\" data-element_type=\"widget\" data-widget_type=\"html.default\">\n\t\t\t\t<div class=\"elementor-widget-container\">\n\t\t\t\t\tLektura\n<br>\n<a href=http:\/\/communiocrucis.pl\/2010\/11\/03\/mistyka-w-teresy-benedykty-od-krzya-edyty-stein\/>Mistyka Teresy Benedykty od krzy\u017ca<\/a>\n<br>\n<a href=http:\/\/communiocrucis.pl\/2020\/05\/09\/niewidzialna-rzeczywistosc\/>Niewidzialna rzeczywisto\u015b\u0107<\/a>\n<br>\n<br>\n\n\t\t\t\t<\/div>\n\t\t\t\t<\/div>\n\t\t\t\t<\/div>\n\t\t<div class=\"elementor-element elementor-element-daccfe2 e-con-full e-flex e-con e-parent\" data-id=\"daccfe2\" data-element_type=\"container\">\n\t\t\t\t<div class=\"elementor-element elementor-element-26d84a7 elementor-widget elementor-widget-wp-widget-media_audio\" data-id=\"26d84a7\" data-element_type=\"widget\" data-widget_type=\"wp-widget-media_audio.default\">\n\t\t\t\t<div class=\"elementor-widget-container\">\n\t\t\t\t\t<h5>2025_06_17_O.Marian_\u015aw._Teresa_Benedykta_od_Krzy\u017ca_11-Podsumowanie<\/h5><audio class=\"wp-audio-shortcode\" id=\"audio-388-11\" preload=\"none\" style=\"width: 100%;\" controls=\"controls\"><source type=\"audio\/mpeg\" src=\"http:\/\/gmk-wadowice.pl\/wp-content\/uploads\/2025\/07\/2025_06_17_O.Marian__Konferencja_11.mp3?_=11\" \/><source type=\"audio\/mpeg\" src=\"http:\/\/gmk-wadowice.pl\/wp-content\/uploads\/2025\/07\/2025_06_17_O.Marian__Konferencja_11.mp3?_=11\" \/><a href=\"http:\/\/gmk-wadowice.pl\/wp-content\/uploads\/2025\/07\/2025_06_17_O.Marian__Konferencja_11.mp3\">http:\/\/gmk-wadowice.pl\/wp-content\/uploads\/2025\/07\/2025_06_17_O.Marian__Konferencja_11.mp3<\/a><\/audio>\t\t\t\t<\/div>\n\t\t\t\t<\/div>\n\t\t\t\t<div class=\"elementor-element elementor-element-a329f0b elementor-widget__width-initial elementor-widget elementor-widget-html\" data-id=\"a329f0b\" data-element_type=\"widget\" data-widget_type=\"html.default\">\n\t\t\t\t<div class=\"elementor-widget-container\">\n\t\t\t\t\t\n\t\t\t\t<\/div>\n\t\t\t\t<\/div>\n\t\t\t\t<\/div>\n\t\t<div class=\"elementor-element elementor-element-a7dfb34 e-flex e-con-boxed e-con e-parent\" data-id=\"a7dfb34\" data-element_type=\"container\">\n\t\t\t\t\t<div class=\"e-con-inner\">\n\t\t\t\t\t<\/div>\n\t\t\t\t<\/div>\n\t\t\t\t<\/div>\n\t\t","protected":false},"excerpt":{"rendered":"<p>Nasze spotkania w ko\u015bciele od godz. 19.00 we wtorki przebiegaj\u0105 w cyklu miesi\u0119cznym wed\u0142ug nast\u0119puj\u0105cego schematu: 1.tydzie\u0144- modlitwa wewn\u0119trzna, Eucharystia i dzi\u0119kczynienie 2.tydzie\u0144- modlitwa brewiarzowa, konferencja i modlitwa wewn\u0119trzna 3.tydzie\u0144- [&hellip;]<\/p>\n","protected":false},"author":3,"featured_media":0,"parent":0,"menu_order":0,"comment_status":"closed","ping_status":"closed","template":"","meta":{"site-sidebar-layout":"default","site-content-layout":"","ast-site-content-layout":"default","site-content-style":"default","site-sidebar-style":"default","ast-global-header-display":"","ast-banner-title-visibility":"","ast-main-header-display":"","ast-hfb-above-header-display":"","ast-hfb-below-header-display":"","ast-hfb-mobile-header-display":"","site-post-title":"","ast-breadcrumbs-content":"","ast-featured-img":"","footer-sml-layout":"","theme-transparent-header-meta":"","adv-header-id-meta":"","stick-header-meta":"","header-above-stick-meta":"","header-main-stick-meta":"","header-below-stick-meta":"","astra-migrate-meta-layouts":"default","ast-page-background-enabled":"default","ast-page-background-meta":{"desktop":{"background-color":"var(--ast-global-color-4)","background-image":"","background-repeat":"repeat","background-position":"center center","background-size":"auto","background-attachment":"scroll","background-type":"","background-media":"","overlay-type":"","overlay-color":"","overlay-opacity":"","overlay-gradient":""},"tablet":{"background-color":"","background-image":"","background-repeat":"repeat","background-position":"center center","background-size":"auto","background-attachment":"scroll","background-type":"","background-media":"","overlay-type":"","overlay-color":"","overlay-opacity":"","overlay-gradient":""},"mobile":{"background-color":"","background-image":"","background-repeat":"repeat","background-position":"center center","background-size":"auto","background-attachment":"scroll","background-type":"","background-media":"","overlay-type":"","overlay-color":"","overlay-opacity":"","overlay-gradient":""}},"ast-content-background-meta":{"desktop":{"background-color":"var(--ast-global-color-5)","background-image":"","background-repeat":"repeat","background-position":"center center","background-size":"auto","background-attachment":"scroll","background-type":"","background-media":"","overlay-type":"","overlay-color":"","overlay-opacity":"","overlay-gradient":""},"tablet":{"background-color":"var(--ast-global-color-5)","background-image":"","background-repeat":"repeat","background-position":"center center","background-size":"auto","background-attachment":"scroll","background-type":"","background-media":"","overlay-type":"","overlay-color":"","overlay-opacity":"","overlay-gradient":""},"mobile":{"background-color":"var(--ast-global-color-5)","background-image":"","background-repeat":"repeat","background-position":"center center","background-size":"auto","background-attachment":"scroll","background-type":"","background-media":"","overlay-type":"","overlay-color":"","overlay-opacity":"","overlay-gradient":""}},"footnotes":""},"class_list":["post-388","page","type-page","status-publish","hentry"],"_links":{"self":[{"href":"http:\/\/gmk-wadowice.pl\/index.php?rest_route=\/wp\/v2\/pages\/388","targetHints":{"allow":["GET"]}}],"collection":[{"href":"http:\/\/gmk-wadowice.pl\/index.php?rest_route=\/wp\/v2\/pages"}],"about":[{"href":"http:\/\/gmk-wadowice.pl\/index.php?rest_route=\/wp\/v2\/types\/page"}],"author":[{"embeddable":true,"href":"http:\/\/gmk-wadowice.pl\/index.php?rest_route=\/wp\/v2\/users\/3"}],"replies":[{"embeddable":true,"href":"http:\/\/gmk-wadowice.pl\/index.php?rest_route=%2Fwp%2Fv2%2Fcomments&post=388"}],"version-history":[{"count":185,"href":"http:\/\/gmk-wadowice.pl\/index.php?rest_route=\/wp\/v2\/pages\/388\/revisions"}],"predecessor-version":[{"id":1179,"href":"http:\/\/gmk-wadowice.pl\/index.php?rest_route=\/wp\/v2\/pages\/388\/revisions\/1179"}],"wp:attachment":[{"href":"http:\/\/gmk-wadowice.pl\/index.php?rest_route=%2Fwp%2Fv2%2Fmedia&parent=388"}],"curies":[{"name":"wp","href":"https:\/\/api.w.org\/{rel}","templated":true}]}}